{"id":8933,"date":"2022-09-24T16:10:22","date_gmt":"2022-09-24T16:10:22","guid":{"rendered":"https:\/\/pierreportugal.shop\/portfolio\/facades-wall-cladding\/"},"modified":"2023-01-30T18:24:39","modified_gmt":"2023-01-30T18:24:39","slug":"revestimento-de-fachadas-paredes","status":"publish","type":"portfolio","link":"https:\/\/pierreportugal.shop\/pt-pt\/portfolio\/revestimento-de-fachadas-paredes\/","title":{"rendered":"Revestimento de Fachadas\/Paredes"},"content":{"rendered":"[vc_row full_width=&#8221;stretch_row_content_no_spaces&#8221; woodmart_css_id=&#8221;63cebdecbb9fa&#8221; responsive_spacing=&#8221;eyJwYXJhbV90eXBlIjoid29vZG1hcnRfcmVzcG9uc2l2ZV9zcGFjaW5nIiwic2VsZWN0b3JfaWQiOiI2M2NlYmRlY2JiOWZhIiwic2hvcnRjb2RlIjoidmNfcm93IiwiZGF0YSI6eyJ0YWJsZXQiOnt9LCJtb2JpbGUiOnt9fX0=&#8221; mobile_bg_img_hidden=&#8221;no&#8221; tablet_bg_img_hidden=&#8221;no&#8221; woodmart_parallax=&#8221;0&#8243; woodmart_gradient_switch=&#8221;no&#8221; woodmart_box_shadow=&#8221;no&#8221; wd_z_index=&#8221;no&#8221; woodmart_disable_overflow=&#8221;0&#8243; row_reverse_mobile=&#8221;0&#8243; row_reverse_tablet=&#8221;0&#8243; css=&#8221;.vc_custom_1674493448013{padding-top: 200px !important;padding-bottom: 200px !important;background-image: url(https:\/\/pierreportugal.shop\/wp-content\/uploads\/2022\/09\/MOCA-CREAM-FACADE-EXPERT-CLADDING-STONE-PIERREPORTUGAL.jpg?id=7531) !important;background-position: center !important;background-repeat: no-repeat !important;background-size: cover !important;}&#8221;][vc_column width=&#8221;1\/3&#8243;][\/vc_column][vc_column width=&#8221;1\/3&#8243; css=&#8221;.vc_custom_1674492823159{background-color: rgba(0,0,0,0.29) !important;*background-color: rgb(0,0,0) !important;}&#8221; woodmart_css_id=&#8221;63cebb945f5d4&#8243; parallax_scroll=&#8221;no&#8221; woodmart_sticky_column=&#8221;false&#8221; wd_collapsible_content_switcher=&#8221;no&#8221; wd_column_role_offcanvas_desktop=&#8221;no&#8221; wd_column_role_offcanvas_tablet=&#8221;no&#8221; wd_column_role_offcanvas_mobile=&#8221;no&#8221; wd_column_role_content_desktop=&#8221;no&#8221; wd_column_role_content_tablet=&#8221;no&#8221; wd_column_role_content_mobile=&#8221;no&#8221; mobile_bg_img_hidden=&#8221;no&#8221; tablet_bg_img_hidden=&#8221;no&#8221; woodmart_parallax=&#8221;0&#8243; woodmart_box_shadow=&#8221;no&#8221; responsive_spacing=&#8221;eyJwYXJhbV90eXBlIjoid29vZG1hcnRfcmVzcG9uc2l2ZV9zcGFjaW5nIiwic2VsZWN0b3JfaWQiOiI2M2NlYmI5NDVmNWQ0Iiwic2hvcnRjb2RlIjoidmNfY29sdW1uIiwiZGF0YSI6eyJ0YWJsZXQiOnt9LCJtb2JpbGUiOnt9fX0=&#8221; mobile_reset_margin=&#8221;no&#8221; tablet_reset_margin=&#8221;no&#8221; wd_z_index=&#8221;no&#8221;][vc_column_text woodmart_inline=&#8221;no&#8221; text_larger=&#8221;no&#8221;]\r\n<h1 style=\"text-align: center; font-size: 60px;\"><span style=\"color: #f2f2f2;\">REVESTIMENTO DE FACHADAS\/PAREDES<\/span><\/h1>\r\n[\/vc_column_text][\/vc_column][vc_column width=&#8221;1\/3&#8243;][\/vc_column][\/vc_row][vc_row css=&#8221;.vc_custom_1671543327157{padding-top: 80px !important;padding-bottom: 20px !important;}&#8221; woodmart_css_id=&#8221;63a1ba136742e&#8221; responsive_spacing=&#8221;eyJwYXJhbV90eXBlIjoid29vZG1hcnRfcmVzcG9uc2l2ZV9zcGFjaW5nIiwic2VsZWN0b3JfaWQiOiI2M2ExYmExMzY3NDJlIiwic2hvcnRjb2RlIjoidmNfcm93IiwiZGF0YSI6eyJ0YWJsZXQiOnt9LCJtb2JpbGUiOnt9fX0=&#8221; mobile_bg_img_hidden=&#8221;no&#8221; tablet_bg_img_hidden=&#8221;no&#8221; woodmart_parallax=&#8221;0&#8243; woodmart_gradient_switch=&#8221;no&#8221; woodmart_box_shadow=&#8221;no&#8221; wd_z_index=&#8221;no&#8221; woodmart_disable_overflow=&#8221;0&#8243; row_reverse_mobile=&#8221;0&#8243; row_reverse_tablet=&#8221;0&#8243;][vc_column width=&#8221;3\/4&#8243;][vc_column_text woodmart_inline=&#8221;no&#8221; text_larger=&#8221;no&#8221;]\r\n<div class=\"module orientation appear\">\r\n<div class=\"module_inner\">\r\n<h1 class=\"module_title text01\">FACHADAS E REVESTIMENTOS<\/h1>\r\n&nbsp;\r\n\r\n<\/div>\r\n<\/div>\r\n<section class=\"module module-text bg03 appear\">\r\n<div class=\"module_inner\">\r\n<h4>Como um material de constru\u00e7\u00e3o excepcionalmente sustent\u00e1vel, a pedra natural \u00e9 particularmente adequada para fachadas: tem uma vida longa, \u00e9 est\u00e1vel em valor e requer pouca manuten\u00e7\u00e3o ao longo do tempo.<\/h4>\r\n<h4>Uma vez que a apar\u00eancia da pedra natural pode variar muito e pode ser processada de v\u00e1rias formas diferentes, n\u00f3s da PierrePortugal Stone Premium teremos todo o prazer em aconselh\u00e1-lo como um parceiro competente desde o in\u00edcio da fase de planeamento do seu projeto. Podemos auxili\u00e1-lo na tomada de decis\u00e3o, fornecendo-lhe pequenas amostras ou at\u00e9 mesmo um mock-up.<\/h4>\r\n<\/div>\r\n<\/section>\r\n<h4><\/h4>\r\n[\/vc_column_text][\/vc_column][vc_column width=&#8221;1\/4&#8243;][\/vc_column][\/vc_row][vc_row full_width=&#8221;stretch_row_content_no_spaces&#8221; css=&#8221;.vc_custom_1671543956836{padding-top: 50px !important;padding-bottom: 0px !important;}&#8221; woodmart_css_id=&#8221;63a1bc8993e77&#8243; responsive_spacing=&#8221;eyJwYXJhbV90eXBlIjoid29vZG1hcnRfcmVzcG9uc2l2ZV9zcGFjaW5nIiwic2VsZWN0b3JfaWQiOiI2M2ExYmM4OTkzZTc3Iiwic2hvcnRjb2RlIjoidmNfcm93IiwiZGF0YSI6eyJ0YWJsZXQiOnt9LCJtb2JpbGUiOnt9fX0=&#8221; mobile_bg_img_hidden=&#8221;no&#8221; tablet_bg_img_hidden=&#8221;no&#8221; woodmart_parallax=&#8221;0&#8243; woodmart_gradient_switch=&#8221;no&#8221; woodmart_box_shadow=&#8221;no&#8221; wd_z_index=&#8221;no&#8221; woodmart_disable_overflow=&#8221;0&#8243; row_reverse_mobile=&#8221;0&#8243; row_reverse_tablet=&#8221;0&#8243;][vc_column width=&#8221;1\/2&#8243;]\t\t<div class=\"promo-banner-wrapper  wd-rs-63d80afd63b8c \">\n\t\t\t<div id=\"wd-63d80afd63b8c\" class=\"promo-banner  banner-border banner-hover-zoom color-scheme-light banner-btn-size-default banner-btn-style-default  wd-underline-colored\"\t\t\t\t\t\t\t>\n\t\t\t\t<div class=\"main-wrapp-img\">\n\t\t\t\t\t<div class=\"banner-image wd-bg-position-center\" >\n\t\t\t\t\t\t<img loading=\"lazy\" decoding=\"async\" class=\"promo-banner-image \" src=\"https:\/\/pierreportugal.shop\/wp-content\/uploads\/2022\/09\/Algiers-AGB-Facadeby_lusorochas-3-800x600.jpg\" width=\"800\" height=\"600\" alt=\"Moca cream facade by Pierreportugal\" title=\"MOCA CREME FA\u00c7ADE CLADDING IN CUT TO SIZE\" \/>\t\t\t\t\t<\/div>\n\t\t\t\t<\/div>\n\n\t\t\t\t<div class=\"wrapper-content-banner wd-fill  wd-items-middle wd-justify-center\">\n\t\t\t\t\t<div class=\"content-banner text-center\">\n\t\t\t\t\t\t<div class=\"banner-title-wrap\">\n\t\t\t\t\t\t\t<h4 class=\"banner-title wd-font-weight- wd-fontsize-l\">FACHADA EM PEDRA NATURAL MOCA CREME<\/h4>\t\t\t\t\t\t<\/div>\n\t\t\t\t\t\t\t\t\t\t\t\t\t\t\t\t\t<\/div>\n\t\t\t\t<\/div>\n\t\t\t\t\t\t\t<\/div>\n\t\t<\/div>\n\n\t\t\t\t<div class=\"promo-banner-wrapper  wd-rs-63d80b0a310d5 \">\n\t\t\t<div id=\"wd-63d80b0a310d5\" class=\"promo-banner  banner-mask banner-hover-zoom color-scheme-light banner-btn-size-default banner-btn-style-default  wd-underline-colored\"\t\t\t\t\t\t\t>\n\t\t\t\t<div class=\"main-wrapp-img\">\n\t\t\t\t\t<div class=\"banner-image wd-bg-position-center\" >\n\t\t\t\t\t\t<img loading=\"lazy\" decoding=\"async\" class=\"promo-banner-image \" src=\"https:\/\/pierreportugal.shop\/wp-content\/uploads\/2022\/09\/LUXEMBOURG-FACADE-MOLEANOS-SABLE-PIERREPORTUGAL-800x600.jpg\" width=\"800\" height=\"600\" alt=\"LUXEMBOURG-FACADE-MOLEANOS-SABL\u00c9-PIERREPORTUGAL\" title=\"LUXEMBOURG-FACADE-MOLEANOS-SABL\u00c9-PIERREPORTUGAL\" \/>\t\t\t\t\t<\/div>\n\t\t\t\t<\/div>\n\n\t\t\t\t<div class=\"wrapper-content-banner wd-fill  wd-items-middle wd-justify-center\">\n\t\t\t\t\t<div class=\"content-banner text-center\">\n\t\t\t\t\t\t<div class=\"banner-title-wrap\">\n\t\t\t\t\t\t\t<h4 class=\"banner-title wd-font-weight- wd-fontsize-l\">LUXEMBURGO FACHADA MOLEANOS SABLE<\/h4>\t\t\t\t\t\t<\/div>\n\t\t\t\t\t\t\t\t\t\t\t\t\t\t\t\t\t<\/div>\n\t\t\t\t<\/div>\n\t\t\t\t\t\t\t<\/div>\n\t\t<\/div>\n\n\t\t\t\t<div class=\"promo-banner-wrapper  wd-rs-63d80b17c6cb5 \">\n\t\t\t<div id=\"wd-63d80b17c6cb5\" class=\"promo-banner  banner-border banner-hover-zoom color-scheme-light banner-btn-size-default banner-btn-style-default  wd-underline-colored\"\t\t\t\t\t\t\t>\n\t\t\t\t<div class=\"main-wrapp-img\">\n\t\t\t\t\t<div class=\"banner-image wd-bg-position-center\" >\n\t\t\t\t\t\t<img loading=\"lazy\" decoding=\"async\" class=\"promo-banner-image \" src=\"https:\/\/pierreportugal.shop\/wp-content\/uploads\/2022\/09\/LIGHTSTONE_MARBLE-FACADE-NATUURSTEIN-SLABS-WHITE-MARBLE-800x600.jpg\" width=\"800\" height=\"600\" alt=\"WHITE MARBLE VENTILATED FA\u00c7ADE BY PIERREPORTUGAL\" title=\"LIGHTSTONE_MARBLE-FACADE-NATUURSTEIN-SLABS-WHITE-MARBLE\" \/>\t\t\t\t\t<\/div>\n\t\t\t\t<\/div>\n\n\t\t\t\t<div class=\"wrapper-content-banner wd-fill  wd-items-middle wd-justify-center\">\n\t\t\t\t\t<div class=\"content-banner text-center\">\n\t\t\t\t\t\t<div class=\"banner-title-wrap\">\n\t\t\t\t\t\t\t<h4 class=\"banner-title wd-font-weight- wd-fontsize-l\">FACHADA DE M\u00c1RMORE BRANCO LIGHTSTONE<\/h4>\t\t\t\t\t\t<\/div>\n\t\t\t\t\t\t\t\t\t\t\t\t\t\t\t\t\t<\/div>\n\t\t\t\t<\/div>\n\t\t\t\t\t\t\t<\/div>\n\t\t<\/div>\n\n\t\t\t\t<div class=\"promo-banner-wrapper  wd-rs-63d80b2322ff5 \">\n\t\t\t<div id=\"wd-63d80b2322ff5\" class=\"promo-banner  banner-mask banner-hover-zoom color-scheme-light banner-btn-size-default banner-btn-style-default  wd-underline-colored\"\t\t\t\t\t\t\t>\n\t\t\t\t<div class=\"main-wrapp-img\">\n\t\t\t\t\t<div class=\"banner-image wd-bg-position-center\" >\n\t\t\t\t\t\t<img loading=\"lazy\" decoding=\"async\" class=\"promo-banner-image \" src=\"https:\/\/pierreportugal.shop\/wp-content\/uploads\/2023\/01\/IMG_6213-800x600.jpg\" width=\"800\" height=\"600\" alt=\"white marble facade cut to size\" title=\"lightstone marble facade\" \/>\t\t\t\t\t<\/div>\n\t\t\t\t<\/div>\n\n\t\t\t\t<div class=\"wrapper-content-banner wd-fill  wd-items-middle wd-justify-center\">\n\t\t\t\t\t<div class=\"content-banner text-center\">\n\t\t\t\t\t\t<div class=\"banner-title-wrap\">\n\t\t\t\t\t\t\t<h4 class=\"banner-title wd-font-weight- wd-fontsize-l\">FACHADA EM REVESTIMENTO DE M\u00c1RMORE BRANCO<\/h4>\t\t\t\t\t\t<\/div>\n\t\t\t\t\t\t\t\t\t\t\t\t\t\t\t\t\t<\/div>\n\t\t\t\t<\/div>\n\t\t\t\t\t\t\t<\/div>\n\t\t<\/div>\n\n\t\t[\/vc_column][vc_column width=&#8221;1\/2&#8243;]\t\t<div class=\"promo-banner-wrapper  wd-rs-63d80b2f99a38 \">\n\t\t\t<div id=\"wd-63d80b2f99a38\" class=\"promo-banner  banner-mask banner-hover-zoom color-scheme-light banner-btn-size-default banner-btn-style-default  wd-underline-colored\"\t\t\t\t\t\t\t>\n\t\t\t\t<div class=\"main-wrapp-img\">\n\t\t\t\t\t<div class=\"banner-image wd-bg-position-center\" >\n\t\t\t\t\t\t<img loading=\"lazy\" decoding=\"async\" class=\"promo-banner-image \" src=\"https:\/\/pierreportugal.shop\/wp-content\/uploads\/2022\/09\/MOCA-CREAM-FACADE-EXPERT-CLADDING-STONE-PIERREPORTUGAL-800x600.jpg\" width=\"800\" height=\"600\" alt=\"FA\u00c7ADE IN NATURAL STONE MOCA CREAM BY PIERREPORTUGAL STONE PREMIUM\" title=\"MOCA-CREAM-FACADE-EXPERT-CLADDING-STONE-PIERREPORTUGAL\" \/>\t\t\t\t\t<\/div>\n\t\t\t\t<\/div>\n\n\t\t\t\t<div class=\"wrapper-content-banner wd-fill  wd-items-middle wd-justify-center\">\n\t\t\t\t\t<div class=\"content-banner text-center\">\n\t\t\t\t\t\t<div class=\"banner-title-wrap\">\n\t\t\t\t\t\t\t<h4 class=\"banner-title wd-font-weight- wd-fontsize-l\">PEDRA DE REVESTIMENTO ESPECIALIZADO EM FACHADA MOCA CREAM<\/h4>\t\t\t\t\t\t<\/div>\n\t\t\t\t\t\t\t\t\t\t\t\t\t\t\t\t\t<\/div>\n\t\t\t\t<\/div>\n\t\t\t\t\t\t\t<\/div>\n\t\t<\/div>\n\n\t\t\t\t<div class=\"promo-banner-wrapper  wd-rs-63d80b3c9d8de \">\n\t\t\t<div id=\"wd-63d80b3c9d8de\" class=\"promo-banner  banner-border banner-hover-zoom color-scheme-light banner-btn-size-default banner-btn-style-default  wd-underline-colored\"\t\t\t\t\t\t\t>\n\t\t\t\t<div class=\"main-wrapp-img\">\n\t\t\t\t\t<div class=\"banner-image wd-bg-position-center\" >\n\t\t\t\t\t\t<img loading=\"lazy\" decoding=\"async\" class=\"promo-banner-image \" src=\"https:\/\/pierreportugal.shop\/wp-content\/uploads\/2023\/01\/PASS-KPMG18A-1-768x600.jpg\" width=\"768\" height=\"600\" alt=\"BIG FA\u00c7ADE IN NATURAL STONE MOCAS CREMA BY PIERREPORTUGAL\" title=\"MOCA CREAM FA\u00c7ADE NATURAL STONE\" \/>\t\t\t\t\t<\/div>\n\t\t\t\t<\/div>\n\n\t\t\t\t<div class=\"wrapper-content-banner wd-fill  wd-items-middle wd-justify-center\">\n\t\t\t\t\t<div class=\"content-banner text-center\">\n\t\t\t\t\t\t<div class=\"banner-title-wrap\">\n\t\t\t\t\t\t\t<h4 class=\"banner-title wd-font-weight- wd-fontsize-l\">FACHADA EM PEDRA NATURAL MOCA CREME<\/h4>\t\t\t\t\t\t<\/div>\n\t\t\t\t\t\t\t\t\t\t\t\t\t\t\t\t\t<\/div>\n\t\t\t\t<\/div>\n\t\t\t\t\t\t\t<\/div>\n\t\t<\/div>\n\n\t\t\t\t<div class=\"promo-banner-wrapper  wd-rs-63d80b485ab4c \">\n\t\t\t<div id=\"wd-63d80b485ab4c\" class=\"promo-banner  banner-border banner-hover-zoom color-scheme-light banner-btn-size-default banner-btn-style-default  wd-underline-colored\"\t\t\t\t\t\t\t>\n\t\t\t\t<div class=\"main-wrapp-img\">\n\t\t\t\t\t<div class=\"banner-image wd-bg-position-center\" >\n\t\t\t\t\t\t<img loading=\"lazy\" decoding=\"async\" class=\"promo-banner-image \" src=\"https:\/\/pierreportugal.shop\/wp-content\/uploads\/2023\/01\/facade-pierreportugal-calcaire1-800x578.jpg\" width=\"800\" height=\"578\" alt=\"projecto de fachada em Rosal  PierrePortugal\" title=\"fachada em  Rosal e Semi Rijo\" \/>\t\t\t\t\t<\/div>\n\t\t\t\t<\/div>\n\n\t\t\t\t<div class=\"wrapper-content-banner wd-fill  wd-items-middle wd-justify-center\">\n\t\t\t\t\t<div class=\"content-banner text-center\">\n\t\t\t\t\t\t<div class=\"banner-title-wrap\">\n\t\t\t\t\t\t\t<h4 class=\"banner-title wd-font-weight- wd-fontsize-l\">CALDA DE FACHADA SEMI RIJO ROSAL EM CALC\u00c1RIO<\/h4>\t\t\t\t\t\t<\/div>\n\t\t\t\t\t\t\t\t\t\t\t\t\t\t\t\t\t<\/div>\n\t\t\t\t<\/div>\n\t\t\t\t\t\t\t<\/div>\n\t\t<\/div>\n\n\t\t\t\t<div class=\"promo-banner-wrapper  wd-rs-63d80b562a99a \">\n\t\t\t<div id=\"wd-63d80b562a99a\" class=\"promo-banner  banner-border banner-hover-zoom color-scheme-light banner-btn-size-default banner-btn-style-default  wd-underline-colored\"\t\t\t\t\t\t\t>\n\t\t\t\t<div class=\"main-wrapp-img\">\n\t\t\t\t\t<div class=\"banner-image wd-bg-position-center\" >\n\t\t\t\t\t\t<img loading=\"lazy\" decoding=\"async\" class=\"promo-banner-image \" src=\"https:\/\/pierreportugal.shop\/wp-content\/uploads\/2023\/01\/DSC00550.jpg\" width=\"640\" height=\"480\" alt=\"BIG FA\u00c7ADE IN PORTUGUESE LIMESTONE ROSLA AND VALVERDE BLUE STONE\" title=\"ROSAL AND VALVERDE FA\u00c7ADE BY PIERREPORTUGAL\" \/>\t\t\t\t\t<\/div>\n\t\t\t\t<\/div>\n\n\t\t\t\t<div class=\"wrapper-content-banner wd-fill  wd-items-middle wd-justify-center\">\n\t\t\t\t\t<div class=\"content-banner text-center\">\n\t\t\t\t\t\t<div class=\"banner-title-wrap\">\n\t\t\t\t\t\t\t<h4 class=\"banner-title wd-font-weight- wd-fontsize-l\">ROSAL E PEDRA AZUL VALVERDE NA FACHADA DE UM HOTEL<\/h4>\t\t\t\t\t\t<\/div>\n\t\t\t\t\t\t\t\t\t\t\t\t\t\t\t\t\t<\/div>\n\t\t\t\t<\/div>\n\t\t\t\t\t\t\t<\/div>\n\t\t<\/div>\n\n\t\t[\/vc_column][\/vc_row]","protected":false},"excerpt":{"rendered":"<p>[vc_row full_width=&#8221;stretch_row_content_no_spaces&#8221; woodmart_css_id=&#8221;63cebdecbb9fa&#8221; responsive_spacing=&#8221;eyJwYXJhbV90eXBlIjoid29vZG1hcnRfcmVzcG9uc2l2ZV9zcGFjaW5nIiwic2VsZWN0b3JfaWQiOiI2M2NlYmRlY2JiOWZhIiwic2hvcnRjb2RlIjoidmNfcm93IiwiZGF0YSI6eyJ0YWJsZXQiOnt9LCJtb2JpbGUiOnt9fX0=&#8221; mobile_bg_img_hidden=&#8221;no&#8221; tablet_bg_img_hidden=&#8221;no&#8221; woodmart_parallax=&#8221;0&#8243; woodmart_gradient_switch=&#8221;no&#8221; woodmart_box_shadow=&#8221;no&#8221; wd_z_index=&#8221;no&#8221; woodmart_disable_overflow=&#8221;0&#8243; row_reverse_mobile=&#8221;0&#8243; row_reverse_tablet=&#8221;0&#8243; css=&#8221;.vc_custom_1674493448013{padding-top: 200px !important;padding-bottom: 200px !important;background-image: url(https:\/\/pierreportugal.shop\/wp-content\/uploads\/2022\/09\/MOCA-CREAM-FACADE-EXPERT-CLADDING-STONE-PIERREPORTUGAL.jpg?id=7531) !important;background-position:<\/p>\n","protected":false},"featured_media":0,"menu_order":0,"comment_status":"open","ping_status":"closed","template":"","project-cat":[145],"class_list":["post-8933","portfolio","type-portfolio","status-publish","hentry","project-cat-facades-pt-pt"],"yoast_head":"<!-- This site is optimized with the Yoast SEO plugin v19.14 - https:\/\/yoast.com\/wordpress\/plugins\/seo\/ -->\n<title>Revestimento de Fachadas\/Paredes - Pierre Portugal Stone From Portugal<\/title>\n<meta name=\"robots\" content=\"index, follow, max-snippet:-1, max-image-preview:large, max-video-preview:-1\" \/>\n<link rel=\"canonical\" href=\"https:\/\/pierreportugal.shop\/pt-pt\/portfolio\/revestimento-de-fachadas-paredes\/\" \/>\n<meta property=\"og:locale\" content=\"pt_PT\" \/>\n<meta property=\"og:type\" content=\"article\" \/>\n<meta property=\"og:title\" content=\"Revestimento de Fachadas\/Paredes - Pierre Portugal Stone From Portugal\" \/>\n<meta property=\"og:description\" content=\"[vc_row full_width=&#8221;stretch_row_content_no_spaces&#8221; woodmart_css_id=&#8221;63cebdecbb9fa&#8221; responsive_spacing=&#8221;eyJwYXJhbV90eXBlIjoid29vZG1hcnRfcmVzcG9uc2l2ZV9zcGFjaW5nIiwic2VsZWN0b3JfaWQiOiI2M2NlYmRlY2JiOWZhIiwic2hvcnRjb2RlIjoidmNfcm93IiwiZGF0YSI6eyJ0YWJsZXQiOnt9LCJtb2JpbGUiOnt9fX0=&#8221; mobile_bg_img_hidden=&#8221;no&#8221; tablet_bg_img_hidden=&#8221;no&#8221; woodmart_parallax=&#8221;0&#8243; woodmart_gradient_switch=&#8221;no&#8221; woodmart_box_shadow=&#8221;no&#8221; wd_z_index=&#8221;no&#8221; woodmart_disable_overflow=&#8221;0&#8243; row_reverse_mobile=&#8221;0&#8243; row_reverse_tablet=&#8221;0&#8243; css=&#8221;.vc_custom_1674493448013{padding-top: 200px !important;padding-bottom: 200px !important;background-image: url(https:\/\/pierreportugal.shop\/wp-content\/uploads\/2022\/09\/MOCA-CREAM-FACADE-EXPERT-CLADDING-STONE-PIERREPORTUGAL.jpg?id=7531) !important;background-position:\" \/>\n<meta property=\"og:url\" content=\"https:\/\/pierreportugal.shop\/pt-pt\/portfolio\/revestimento-de-fachadas-paredes\/\" \/>\n<meta property=\"og:site_name\" content=\"Pierre Portugal Stone From Portugal\" \/>\n<meta property=\"article:modified_time\" content=\"2023-01-30T18:24:39+00:00\" \/>\n<meta name=\"twitter:card\" content=\"summary_large_image\" \/>\n<meta name=\"twitter:site\" content=\"@pierre_dalle\" \/>\n<meta name=\"twitter:label1\" content=\"Tempo estimado de leitura\" \/>\n\t<meta name=\"twitter:data1\" content=\"3 minutos\" \/>\n<script type=\"application\/ld+json\" class=\"yoast-schema-graph\">{\"@context\":\"https:\/\/schema.org\",\"@graph\":[{\"@type\":\"WebPage\",\"@id\":\"https:\/\/pierreportugal.shop\/pt-pt\/portfolio\/revestimento-de-fachadas-paredes\/\",\"url\":\"https:\/\/pierreportugal.shop\/pt-pt\/portfolio\/revestimento-de-fachadas-paredes\/\",\"name\":\"Revestimento de Fachadas\/Paredes - Pierre Portugal Stone From Portugal\",\"isPartOf\":{\"@id\":\"https:\/\/pierreportugal.shop\/pt-pt\/#website\"},\"datePublished\":\"2022-09-24T16:10:22+00:00\",\"dateModified\":\"2023-01-30T18:24:39+00:00\",\"breadcrumb\":{\"@id\":\"https:\/\/pierreportugal.shop\/pt-pt\/portfolio\/revestimento-de-fachadas-paredes\/#breadcrumb\"},\"inLanguage\":\"pt-PT\",\"potentialAction\":[{\"@type\":\"ReadAction\",\"target\":[\"https:\/\/pierreportugal.shop\/pt-pt\/portfolio\/revestimento-de-fachadas-paredes\/\"]}]},{\"@type\":\"BreadcrumbList\",\"@id\":\"https:\/\/pierreportugal.shop\/pt-pt\/portfolio\/revestimento-de-fachadas-paredes\/#breadcrumb\",\"itemListElement\":[{\"@type\":\"ListItem\",\"position\":1,\"name\":\"In\u00edcio\",\"item\":\"https:\/\/pierreportugal.shop\/pt-pt\/\"},{\"@type\":\"ListItem\",\"position\":2,\"name\":\"Portfolio\",\"item\":\"https:\/\/pierreportugal.shop\/pt-pt\/natural-stone-marble-limestone-tiles-slabs-limestone-architectural-facade-pavers-coping-monuments-hardscaps\/\"},{\"@type\":\"ListItem\",\"position\":3,\"name\":\"Revestimento de Fachadas\/Paredes\"}]},{\"@type\":\"WebSite\",\"@id\":\"https:\/\/pierreportugal.shop\/pt-pt\/#website\",\"url\":\"https:\/\/pierreportugal.shop\/pt-pt\/\",\"name\":\"Pierre Portugal | Stone Premium\",\"description\":\"Pierre Portugal Stone Premium\",\"publisher\":{\"@id\":\"https:\/\/pierreportugal.shop\/pt-pt\/#organization\"},\"potentialAction\":[{\"@type\":\"SearchAction\",\"target\":{\"@type\":\"EntryPoint\",\"urlTemplate\":\"https:\/\/pierreportugal.shop\/pt-pt\/?s={search_term_string}\"},\"query-input\":\"required name=search_term_string\"}],\"inLanguage\":\"pt-PT\"},{\"@type\":\"Organization\",\"@id\":\"https:\/\/pierreportugal.shop\/pt-pt\/#organization\",\"name\":\"Pierre Portugal\",\"url\":\"https:\/\/pierreportugal.shop\/pt-pt\/\",\"logo\":{\"@type\":\"ImageObject\",\"inLanguage\":\"pt-PT\",\"@id\":\"https:\/\/pierreportugal.shop\/pt-pt\/#\/schema\/logo\/image\/\",\"url\":\"https:\/\/pierreportugal.shop\/wp-content\/uploads\/2022\/10\/novo-logo.png\",\"contentUrl\":\"https:\/\/pierreportugal.shop\/wp-content\/uploads\/2022\/10\/novo-logo.png\",\"width\":321,\"height\":113,\"caption\":\"Pierre Portugal\"},\"image\":{\"@id\":\"https:\/\/pierreportugal.shop\/pt-pt\/#\/schema\/logo\/image\/\"},\"sameAs\":[\"https:\/\/www.linkedin.com\/in\/pierreportugal-shop-dalles-et-tranches-tiles-and-slabs-export-a74373150\/\",\"https:\/\/twitter.com\/pierre_dalle\"]}]}<\/script>\n<!-- \/ Yoast SEO plugin. -->","yoast_head_json":{"title":"Revestimento de Fachadas\/Paredes - Pierre Portugal Stone From Portugal","robots":{"index":"index","follow":"follow","max-snippet":"max-snippet:-1","max-image-preview":"max-image-preview:large","max-video-preview":"max-video-preview:-1"},"canonical":"https:\/\/pierreportugal.shop\/pt-pt\/portfolio\/revestimento-de-fachadas-paredes\/","og_locale":"pt_PT","og_type":"article","og_title":"Revestimento de Fachadas\/Paredes - Pierre Portugal Stone From Portugal","og_description":"[vc_row full_width=&#8221;stretch_row_content_no_spaces&#8221; woodmart_css_id=&#8221;63cebdecbb9fa&#8221; responsive_spacing=&#8221;eyJwYXJhbV90eXBlIjoid29vZG1hcnRfcmVzcG9uc2l2ZV9zcGFjaW5nIiwic2VsZWN0b3JfaWQiOiI2M2NlYmRlY2JiOWZhIiwic2hvcnRjb2RlIjoidmNfcm93IiwiZGF0YSI6eyJ0YWJsZXQiOnt9LCJtb2JpbGUiOnt9fX0=&#8221; mobile_bg_img_hidden=&#8221;no&#8221; tablet_bg_img_hidden=&#8221;no&#8221; woodmart_parallax=&#8221;0&#8243; woodmart_gradient_switch=&#8221;no&#8221; woodmart_box_shadow=&#8221;no&#8221; wd_z_index=&#8221;no&#8221; woodmart_disable_overflow=&#8221;0&#8243; row_reverse_mobile=&#8221;0&#8243; row_reverse_tablet=&#8221;0&#8243; css=&#8221;.vc_custom_1674493448013{padding-top: 200px !important;padding-bottom: 200px !important;background-image: url(https:\/\/pierreportugal.shop\/wp-content\/uploads\/2022\/09\/MOCA-CREAM-FACADE-EXPERT-CLADDING-STONE-PIERREPORTUGAL.jpg?id=7531) !important;background-position:","og_url":"https:\/\/pierreportugal.shop\/pt-pt\/portfolio\/revestimento-de-fachadas-paredes\/","og_site_name":"Pierre Portugal Stone From Portugal","article_modified_time":"2023-01-30T18:24:39+00:00","twitter_card":"summary_large_image","twitter_site":"@pierre_dalle","twitter_misc":{"Tempo estimado de leitura":"3 minutos"},"schema":{"@context":"https:\/\/schema.org","@graph":[{"@type":"WebPage","@id":"https:\/\/pierreportugal.shop\/pt-pt\/portfolio\/revestimento-de-fachadas-paredes\/","url":"https:\/\/pierreportugal.shop\/pt-pt\/portfolio\/revestimento-de-fachadas-paredes\/","name":"Revestimento de Fachadas\/Paredes - Pierre Portugal Stone From Portugal","isPartOf":{"@id":"https:\/\/pierreportugal.shop\/pt-pt\/#website"},"datePublished":"2022-09-24T16:10:22+00:00","dateModified":"2023-01-30T18:24:39+00:00","breadcrumb":{"@id":"https:\/\/pierreportugal.shop\/pt-pt\/portfolio\/revestimento-de-fachadas-paredes\/#breadcrumb"},"inLanguage":"pt-PT","potentialAction":[{"@type":"ReadAction","target":["https:\/\/pierreportugal.shop\/pt-pt\/portfolio\/revestimento-de-fachadas-paredes\/"]}]},{"@type":"BreadcrumbList","@id":"https:\/\/pierreportugal.shop\/pt-pt\/portfolio\/revestimento-de-fachadas-paredes\/#breadcrumb","itemListElement":[{"@type":"ListItem","position":1,"name":"In\u00edcio","item":"https:\/\/pierreportugal.shop\/pt-pt\/"},{"@type":"ListItem","position":2,"name":"Portfolio","item":"https:\/\/pierreportugal.shop\/pt-pt\/natural-stone-marble-limestone-tiles-slabs-limestone-architectural-facade-pavers-coping-monuments-hardscaps\/"},{"@type":"ListItem","position":3,"name":"Revestimento de Fachadas\/Paredes"}]},{"@type":"WebSite","@id":"https:\/\/pierreportugal.shop\/pt-pt\/#website","url":"https:\/\/pierreportugal.shop\/pt-pt\/","name":"Pierre Portugal | Stone Premium","description":"Pierre Portugal Stone Premium","publisher":{"@id":"https:\/\/pierreportugal.shop\/pt-pt\/#organization"},"potentialAction":[{"@type":"SearchAction","target":{"@type":"EntryPoint","urlTemplate":"https:\/\/pierreportugal.shop\/pt-pt\/?s={search_term_string}"},"query-input":"required name=search_term_string"}],"inLanguage":"pt-PT"},{"@type":"Organization","@id":"https:\/\/pierreportugal.shop\/pt-pt\/#organization","name":"Pierre Portugal","url":"https:\/\/pierreportugal.shop\/pt-pt\/","logo":{"@type":"ImageObject","inLanguage":"pt-PT","@id":"https:\/\/pierreportugal.shop\/pt-pt\/#\/schema\/logo\/image\/","url":"https:\/\/pierreportugal.shop\/wp-content\/uploads\/2022\/10\/novo-logo.png","contentUrl":"https:\/\/pierreportugal.shop\/wp-content\/uploads\/2022\/10\/novo-logo.png","width":321,"height":113,"caption":"Pierre Portugal"},"image":{"@id":"https:\/\/pierreportugal.shop\/pt-pt\/#\/schema\/logo\/image\/"},"sameAs":["https:\/\/www.linkedin.com\/in\/pierreportugal-shop-dalles-et-tranches-tiles-and-slabs-export-a74373150\/","https:\/\/twitter.com\/pierre_dalle"]}]}},"_links":{"self":[{"href":"https:\/\/pierreportugal.shop\/pt-pt\/wp-json\/wp\/v2\/portfolio\/8933","targetHints":{"allow":["GET"]}}],"collection":[{"href":"https:\/\/pierreportugal.shop\/pt-pt\/wp-json\/wp\/v2\/portfolio"}],"about":[{"href":"https:\/\/pierreportugal.shop\/pt-pt\/wp-json\/wp\/v2\/types\/portfolio"}],"replies":[{"embeddable":true,"href":"https:\/\/pierreportugal.shop\/pt-pt\/wp-json\/wp\/v2\/comments?post=8933"}],"wp:attachment":[{"href":"https:\/\/pierreportugal.shop\/pt-pt\/wp-json\/wp\/v2\/media?parent=8933"}],"wp:term":[{"taxonomy":"project-cat","embeddable":true,"href":"https:\/\/pierreportugal.shop\/pt-pt\/wp-json\/wp\/v2\/project-cat?post=8933"}],"curies":[{"name":"wp","href":"https:\/\/api.w.org\/{rel}","templated":true}]}}