{"id":8930,"date":"2023-01-06T11:59:57","date_gmt":"2023-01-06T11:59:57","guid":{"rendered":"https:\/\/pierreportugal.shop\/portfolio\/stone-masonry\/"},"modified":"2023-06-01T17:01:58","modified_gmt":"2023-06-01T17:01:58","slug":"alvenaria-de-pedra","status":"publish","type":"portfolio","link":"https:\/\/pierreportugal.shop\/pt-pt\/portfolio\/alvenaria-de-pedra\/","title":{"rendered":"Pe\u00e7as Especiais"},"content":{"rendered":"[vc_row full_width=&#8221;stretch_row_content_no_spaces&#8221; woodmart_css_id=&#8221;63cebde5d09e7&#8243; responsive_spacing=&#8221;eyJwYXJhbV90eXBlIjoid29vZG1hcnRfcmVzcG9uc2l2ZV9zcGFjaW5nIiwic2VsZWN0b3JfaWQiOiI2M2NlYmRlNWQwOWU3Iiwic2hvcnRjb2RlIjoidmNfcm93IiwiZGF0YSI6eyJ0YWJsZXQiOnt9LCJtb2JpbGUiOnt9fX0=&#8221; mobile_bg_img_hidden=&#8221;no&#8221; tablet_bg_img_hidden=&#8221;no&#8221; woodmart_parallax=&#8221;0&#8243; woodmart_gradient_switch=&#8221;no&#8221; woodmart_box_shadow=&#8221;no&#8221; wd_z_index=&#8221;no&#8221; woodmart_disable_overflow=&#8221;0&#8243; row_reverse_mobile=&#8221;0&#8243; row_reverse_tablet=&#8221;0&#8243; css=&#8221;.vc_custom_1674493429744{padding-top: 200px !important;padding-bottom: 200px !important;background-image: url(https:\/\/pierreportugal.shop\/wp-content\/uploads\/2023\/01\/P1040500.jpg?id=7688) !important;background-position: center !important;background-repeat: no-repeat !important;background-size: cover !important;}&#8221;][vc_column width=&#8221;1\/3&#8243;][\/vc_column][vc_column width=&#8221;1\/3&#8243; css=&#8221;.vc_custom_1674492839016{background-color: rgba(0,0,0,0.29) !important;*background-color: rgb(0,0,0) !important;}&#8221; woodmart_css_id=&#8221;63cebba213345&#8243; parallax_scroll=&#8221;no&#8221; woodmart_sticky_column=&#8221;false&#8221; wd_collapsible_content_switcher=&#8221;no&#8221; wd_column_role_offcanvas_desktop=&#8221;no&#8221; wd_column_role_offcanvas_tablet=&#8221;no&#8221; wd_column_role_offcanvas_mobile=&#8221;no&#8221; wd_column_role_content_desktop=&#8221;no&#8221; wd_column_role_content_tablet=&#8221;no&#8221; wd_column_role_content_mobile=&#8221;no&#8221; mobile_bg_img_hidden=&#8221;no&#8221; tablet_bg_img_hidden=&#8221;no&#8221; woodmart_parallax=&#8221;0&#8243; woodmart_box_shadow=&#8221;no&#8221; responsive_spacing=&#8221;eyJwYXJhbV90eXBlIjoid29vZG1hcnRfcmVzcG9uc2l2ZV9zcGFjaW5nIiwic2VsZWN0b3JfaWQiOiI2M2NlYmJhMjEzMzQ1Iiwic2hvcnRjb2RlIjoidmNfY29sdW1uIiwiZGF0YSI6eyJ0YWJsZXQiOnt9LCJtb2JpbGUiOnt9fX0=&#8221; mobile_reset_margin=&#8221;no&#8221; tablet_reset_margin=&#8221;no&#8221; wd_z_index=&#8221;no&#8221;][vc_column_text woodmart_inline=&#8221;no&#8221; text_larger=&#8221;no&#8221;]\r\n<h1 style=\"text-align: center; font-size: 60px;\"><span style=\"color: #f2f2f2;\">CANTARIAS EM PEDRA E CORNIJAS\r\n<\/span><\/h1>\r\n[\/vc_column_text][\/vc_column][vc_column width=&#8221;1\/3&#8243;][\/vc_column][\/vc_row][vc_row css=&#8221;.vc_custom_1671543327157{padding-top: 80px !important;padding-bottom: 20px !important;}&#8221; woodmart_css_id=&#8221;63a1ba136742e&#8221; responsive_spacing=&#8221;eyJwYXJhbV90eXBlIjoid29vZG1hcnRfcmVzcG9uc2l2ZV9zcGFjaW5nIiwic2VsZWN0b3JfaWQiOiI2M2ExYmExMzY3NDJlIiwic2hvcnRjb2RlIjoidmNfcm93IiwiZGF0YSI6eyJ0YWJsZXQiOnt9LCJtb2JpbGUiOnt9fX0=&#8221; mobile_bg_img_hidden=&#8221;no&#8221; tablet_bg_img_hidden=&#8221;no&#8221; woodmart_parallax=&#8221;0&#8243; woodmart_gradient_switch=&#8221;no&#8221; woodmart_box_shadow=&#8221;no&#8221; wd_z_index=&#8221;no&#8221; woodmart_disable_overflow=&#8221;0&#8243; row_reverse_mobile=&#8221;0&#8243; row_reverse_tablet=&#8221;0&#8243;][vc_column width=&#8221;3\/4&#8243;][vc_column_text woodmart_inline=&#8221;no&#8221; text_larger=&#8221;no&#8221;]\r\n<h1>CANTARIAS EM PEDRA E PE\u00c7AS POR MEDIDAS<\/h1>\r\n<h4>Na nossa f\u00e1brica de Lisboa temos acesso a instala\u00e7\u00f5es de produ\u00e7\u00e3o ultramodernas e podemos trabalhar a pedra natural com os mais elevados n\u00edveis de precis\u00e3o e qualidade. A nossa experi\u00eancia de 30 anos no mercado da pedra natural nacional e internacional \u00e9 uma garantia de qualidade e rigor.<\/h4>\r\n<h4>Nosso entendimento de artesanato \u00e9 alcan\u00e7ar os melhores resultados para nossos clientes, combinando know-how humano e t\u00e9cnicas modernas com CNC.<\/h4>\r\n<h4>Consequentemente, a tradi\u00e7\u00e3o n\u00e3o exclui a modernidade &#8211; e vice-versa. Ambos coexistem e se complementam perfeitamente. Seja qual for a sua ideia, teremos todo o gosto em concretizar a sua vis\u00e3o para qualquer cantaria, cornijas, lareiras, corrim\u00e3os, escadas autoportantes, colunas.<\/h4>\r\n[\/vc_column_text][\/vc_column][vc_column width=&#8221;1\/4&#8243;][\/vc_column][\/vc_row][vc_row full_width=&#8221;stretch_row_content_no_spaces&#8221; css=&#8221;.vc_custom_1671543956836{padding-top: 50px !important;padding-bottom: 0px !important;}&#8221; woodmart_css_id=&#8221;63a1bc8993e77&#8243; responsive_spacing=&#8221;eyJwYXJhbV90eXBlIjoid29vZG1hcnRfcmVzcG9uc2l2ZV9zcGFjaW5nIiwic2VsZWN0b3JfaWQiOiI2M2ExYmM4OTkzZTc3Iiwic2hvcnRjb2RlIjoidmNfcm93IiwiZGF0YSI6eyJ0YWJsZXQiOnt9LCJtb2JpbGUiOnt9fX0=&#8221; mobile_bg_img_hidden=&#8221;no&#8221; tablet_bg_img_hidden=&#8221;no&#8221; woodmart_parallax=&#8221;0&#8243; woodmart_gradient_switch=&#8221;no&#8221; woodmart_box_shadow=&#8221;no&#8221; wd_z_index=&#8221;no&#8221; woodmart_disable_overflow=&#8221;0&#8243; row_reverse_mobile=&#8221;0&#8243; row_reverse_tablet=&#8221;0&#8243;][vc_column width=&#8221;1\/2&#8243;]\t\t<div class=\"promo-banner-wrapper  wd-rs-63d807e70e479 \">\n\t\t\t<div id=\"wd-63d807e70e479\" class=\"promo-banner  banner-mask banner-hover-zoom color-scheme-light banner-btn-size-default banner-btn-style-default  wd-underline-colored\"\t\t\t\t\t\t\t>\n\t\t\t\t<div class=\"main-wrapp-img\">\n\t\t\t\t\t<div class=\"banner-image wd-bg-position-center\" >\n\t\t\t\t\t\t<img loading=\"lazy\" decoding=\"async\" class=\"promo-banner-image \" src=\"https:\/\/pierreportugal.shop\/wp-content\/uploads\/2023\/01\/P1040500.jpg\" width=\"640\" height=\"480\" alt=\"BEAUTIFUL BALUSTRADE IN MOLEANOS NATURAL STONE\" title=\"balustrade in limestone made by PierrePortugal\" \/>\t\t\t\t\t<\/div>\n\t\t\t\t<\/div>\n\n\t\t\t\t<div class=\"wrapper-content-banner wd-fill  wd-items-middle wd-justify-center\">\n\t\t\t\t\t<div class=\"content-banner text-center\">\n\t\t\t\t\t\t<div class=\"banner-title-wrap\">\n\t\t\t\t\t\t\t<h4 class=\"banner-title wd-font-weight- wd-fontsize-l\">BALUSTRES, CORRIM\u00c3O E PILASTRAS EM CALC\u00c1RIO DE MOLEANOS DA PIERREPORTUGAL<\/h4>\t\t\t\t\t\t<\/div>\n\t\t\t\t\t\t\t\t\t\t\t\t\t\t\t\t\t<\/div>\n\t\t\t\t<\/div>\n\t\t\t\t\t\t\t<\/div>\n\t\t<\/div>\n\n\t\t\t\t<div class=\"promo-banner-wrapper  wd-rs-63d807f3ec677 \">\n\t\t\t<div id=\"wd-63d807f3ec677\" class=\"promo-banner  banner-mask banner-hover-zoom color-scheme-light banner-btn-size-default banner-btn-style-default  wd-underline-colored\"\t\t\t\t\t\t\t>\n\t\t\t\t<div class=\"main-wrapp-img\">\n\t\t\t\t\t<div class=\"banner-image wd-bg-position-center\" >\n\t\t\t\t\t\t<img loading=\"lazy\" decoding=\"async\" class=\"promo-banner-image \" src=\"https:\/\/pierreportugal.shop\/wp-content\/uploads\/2022\/08\/bahai-estremoz-LR.jpg\" width=\"527\" height=\"440\" alt=\"Stunning design produced in Natural stone white marble\" title=\"bahai white marble by pierreportugal\" \/>\t\t\t\t\t<\/div>\n\t\t\t\t<\/div>\n\n\t\t\t\t<div class=\"wrapper-content-banner wd-fill  wd-items-middle wd-justify-center\">\n\t\t\t\t\t<div class=\"content-banner text-center\">\n\t\t\t\t\t\t<div class=\"banner-title-wrap\">\n\t\t\t\t\t\t\t<h4 class=\"banner-title wd-font-weight- wd-fontsize-l\">TEMPLO REVESTIMENTO DE PAREDES EM M\u00c1RMORE COM FACHADA CURVADA<\/h4>\t\t\t\t\t\t<\/div>\n\t\t\t\t\t\t\t\t\t\t\t\t\t\t\t\t\t<\/div>\n\t\t\t\t<\/div>\n\t\t\t\t\t\t\t<\/div>\n\t\t<\/div>\n\n\t\t\t\t<div class=\"promo-banner-wrapper  wd-rs-63d8080283616 \">\n\t\t\t<div id=\"wd-63d8080283616\" class=\"promo-banner  banner-border banner-hover-zoom color-scheme-light banner-btn-size-default banner-btn-style-default  wd-underline-colored\"\t\t\t\t\t\t\t>\n\t\t\t\t<div class=\"main-wrapp-img\">\n\t\t\t\t\t<div class=\"banner-image wd-bg-position-center\" >\n\t\t\t\t\t\t<img loading=\"lazy\" decoding=\"async\" class=\"promo-banner-image \" src=\"https:\/\/pierreportugal.shop\/wp-content\/uploads\/2023\/01\/STONE-CARVED-PANEL-BY-PIERREPORTUGAL-1-scaled-800x600.jpg\" width=\"800\" height=\"600\" alt=\"MASSIVE CORNICE IN LIMESTONE BY PIERREPORTUGAL STONEPREMIUM\" title=\"STONE CARVED PANEL BY PIERREPORTUGAL\" \/>\t\t\t\t\t<\/div>\n\t\t\t\t<\/div>\n\n\t\t\t\t<div class=\"wrapper-content-banner wd-fill  wd-items-middle wd-justify-center\">\n\t\t\t\t\t<div class=\"content-banner text-center\">\n\t\t\t\t\t\t<div class=\"banner-title-wrap\">\n\t\t\t\t\t\t\t<h4 class=\"banner-title wd-font-weight- wd-fontsize-l\">PROJECTO DE PEDRA GRANDE CORNI\u00c7A EM CALC\u00c1RIO DA PIERREPORTUGAL<\/h4>\t\t\t\t\t\t<\/div>\n\t\t\t\t\t\t\t\t\t\t\t\t\t\t\t\t\t<\/div>\n\t\t\t\t<\/div>\n\t\t\t\t\t\t\t<\/div>\n\t\t<\/div>\n\n\t\t[\/vc_column][vc_column width=&#8221;1\/2&#8243;]\t\t<div class=\"promo-banner-wrapper  wd-rs-63d8080e7eaa7 \">\n\t\t\t<div id=\"wd-63d8080e7eaa7\" class=\"promo-banner  banner-border banner-hover-zoom color-scheme-light banner-btn-size-default banner-btn-style-default  wd-underline-colored\"\t\t\t\t\t\t\t>\n\t\t\t\t<div class=\"main-wrapp-img\">\n\t\t\t\t\t<div class=\"banner-image wd-bg-position-center\" >\n\t\t\t\t\t\t<img loading=\"lazy\" decoding=\"async\" class=\"promo-banner-image \" src=\"https:\/\/pierreportugal.shop\/wp-content\/uploads\/2023\/01\/monument-massive-pieces-by-pierreportugal-stone-premium.jpg\" width=\"640\" height=\"478\" alt=\"STONEMASONRY IN LIMESTONE AND BLACK GRANIT BY PIERREPORTUGAL STONEPREMIUM\" title=\"monument massive pieces by pierreportugal stone premium\" \/>\t\t\t\t\t<\/div>\n\t\t\t\t<\/div>\n\n\t\t\t\t<div class=\"wrapper-content-banner wd-fill  wd-items-middle wd-justify-center\">\n\t\t\t\t\t<div class=\"content-banner text-center\">\n\t\t\t\t\t\t<div class=\"banner-title-wrap\">\n\t\t\t\t\t\t\t<h4 class=\"banner-title wd-font-weight- wd-fontsize-l\">MONUMENTO EM CALC\u00c1RIO E GRANITO DE ZOMBABWE<\/h4>\t\t\t\t\t\t<\/div>\n\t\t\t\t\t\t\t\t\t\t\t\t\t\t\t\t\t<\/div>\n\t\t\t\t<\/div>\n\t\t\t\t\t\t\t<\/div>\n\t\t<\/div>\n\n\t\t\t\t<div class=\"promo-banner-wrapper  wd-rs-63d8081b53a03 \">\n\t\t\t<div id=\"wd-63d8081b53a03\" class=\"promo-banner  banner-border banner-hover-zoom color-scheme-light banner-btn-size-default banner-btn-style-default  wd-underline-colored\"\t\t\t\t\t\t\t>\n\t\t\t\t<div class=\"main-wrapp-img\">\n\t\t\t\t\t<div class=\"banner-image wd-bg-position-center\" >\n\t\t\t\t\t\t<img loading=\"lazy\" decoding=\"async\" class=\"promo-banner-image \" src=\"https:\/\/pierreportugal.shop\/wp-content\/uploads\/2023\/01\/CIMG2640-scaled-800x600.jpg\" width=\"800\" height=\"600\" alt=\"SAVOIR FAIRE IN STONEMASONRY\" title=\"STONEMASONRY  PROJECT PIERREPORTUGAL\" \/>\t\t\t\t\t<\/div>\n\t\t\t\t<\/div>\n\n\t\t\t\t<div class=\"wrapper-content-banner wd-fill  wd-items-middle wd-justify-center\">\n\t\t\t\t\t<div class=\"content-banner text-center\">\n\t\t\t\t\t\t<div class=\"banner-title-wrap\">\n\t\t\t\t\t\t\t<h4 class=\"banner-title wd-font-weight- wd-fontsize-l\">PROJECTO DE PEDRA GRANDE PAINEL EM MOLEANOS DA PIERREPORTUGAL<\/h4>\t\t\t\t\t\t<\/div>\n\t\t\t\t\t\t\t\t\t\t\t\t\t\t\t\t\t<\/div>\n\t\t\t\t<\/div>\n\t\t\t\t\t\t\t<\/div>\n\t\t<\/div>\n\n\t\t\t\t<div class=\"promo-banner-wrapper  wd-rs-63d80833e390a \">\n\t\t\t<div id=\"wd-63d80833e390a\" class=\"promo-banner  banner-mask banner-hover-zoom color-scheme-light banner-btn-size-default banner-btn-style-default  wd-underline-colored\"\t\t\t\t\t\t\t>\n\t\t\t\t<div class=\"main-wrapp-img\">\n\t\t\t\t\t<div class=\"banner-image wd-bg-position-center\" >\n\t\t\t\t\t\t<img loading=\"lazy\" decoding=\"async\" class=\"promo-banner-image \" src=\"https:\/\/pierreportugal.shop\/wp-content\/uploads\/2023\/01\/pilasters-in-stone-by-pierreportugal-scaled-800x600.jpg\" width=\"800\" height=\"600\" alt=\"PILASTERS IN MOLEANOS LIMESTONE STONEMASONRY BY PIERREPORTUGAL\" title=\"pilasters in stone by pierreportugal\" \/>\t\t\t\t\t<\/div>\n\t\t\t\t<\/div>\n\n\t\t\t\t<div class=\"wrapper-content-banner wd-fill  wd-items-middle wd-justify-center\">\n\t\t\t\t\t<div class=\"content-banner text-center\">\n\t\t\t\t\t\t<div class=\"banner-title-wrap\">\n\t\t\t\t\t\t\t<h4 class=\"banner-title wd-font-weight- wd-fontsize-l\">PILATRAS EM CALC\u00c1RIO MOLEANOS BY PIERREPORTUGAL<\/h4>\t\t\t\t\t\t<\/div>\n\t\t\t\t\t\t\t\t\t\t\t\t\t\t\t\t\t<\/div>\n\t\t\t\t<\/div>\n\t\t\t\t\t\t\t<\/div>\n\t\t<\/div>\n\n\t\t[\/vc_column][\/vc_row]","protected":false},"excerpt":{"rendered":"<p>[vc_row full_width=&#8221;stretch_row_content_no_spaces&#8221; woodmart_css_id=&#8221;63cebde5d09e7&#8243; responsive_spacing=&#8221;eyJwYXJhbV90eXBlIjoid29vZG1hcnRfcmVzcG9uc2l2ZV9zcGFjaW5nIiwic2VsZWN0b3JfaWQiOiI2M2NlYmRlNWQwOWU3Iiwic2hvcnRjb2RlIjoidmNfcm93IiwiZGF0YSI6eyJ0YWJsZXQiOnt9LCJtb2JpbGUiOnt9fX0=&#8221; mobile_bg_img_hidden=&#8221;no&#8221; tablet_bg_img_hidden=&#8221;no&#8221; woodmart_parallax=&#8221;0&#8243; woodmart_gradient_switch=&#8221;no&#8221; woodmart_box_shadow=&#8221;no&#8221; wd_z_index=&#8221;no&#8221; woodmart_disable_overflow=&#8221;0&#8243; row_reverse_mobile=&#8221;0&#8243; row_reverse_tablet=&#8221;0&#8243; css=&#8221;.vc_custom_1674493429744{padding-top: 200px !important;padding-bottom: 200px !important;background-image: url(https:\/\/pierreportugal.shop\/wp-content\/uploads\/2023\/01\/P1040500.jpg?id=7688) !important;background-position:<\/p>\n","protected":false},"featured_media":0,"menu_order":0,"comment_status":"open","ping_status":"closed","template":"","project-cat":[142],"class_list":["post-8930","portfolio","type-portfolio","status-publish","hentry","project-cat-stone-masonry-pt-pt"],"yoast_head":"<!-- This site is optimized with the Yoast SEO plugin v19.14 - https:\/\/yoast.com\/wordpress\/plugins\/seo\/ -->\n<title>Pe\u00e7as Especiais - Pierre Portugal Stone From Portugal<\/title>\n<meta name=\"robots\" content=\"index, follow, max-snippet:-1, max-image-preview:large, max-video-preview:-1\" \/>\n<link rel=\"canonical\" href=\"https:\/\/pierreportugal.shop\/pt-pt\/portfolio\/alvenaria-de-pedra\/\" \/>\n<meta property=\"og:locale\" content=\"pt_PT\" \/>\n<meta property=\"og:type\" content=\"article\" \/>\n<meta property=\"og:title\" content=\"Pe\u00e7as Especiais - Pierre Portugal Stone From Portugal\" \/>\n<meta property=\"og:description\" content=\"[vc_row full_width=&#8221;stretch_row_content_no_spaces&#8221; woodmart_css_id=&#8221;63cebde5d09e7&#8243; responsive_spacing=&#8221;eyJwYXJhbV90eXBlIjoid29vZG1hcnRfcmVzcG9uc2l2ZV9zcGFjaW5nIiwic2VsZWN0b3JfaWQiOiI2M2NlYmRlNWQwOWU3Iiwic2hvcnRjb2RlIjoidmNfcm93IiwiZGF0YSI6eyJ0YWJsZXQiOnt9LCJtb2JpbGUiOnt9fX0=&#8221; mobile_bg_img_hidden=&#8221;no&#8221; tablet_bg_img_hidden=&#8221;no&#8221; woodmart_parallax=&#8221;0&#8243; woodmart_gradient_switch=&#8221;no&#8221; woodmart_box_shadow=&#8221;no&#8221; wd_z_index=&#8221;no&#8221; woodmart_disable_overflow=&#8221;0&#8243; row_reverse_mobile=&#8221;0&#8243; row_reverse_tablet=&#8221;0&#8243; css=&#8221;.vc_custom_1674493429744{padding-top: 200px !important;padding-bottom: 200px !important;background-image: url(https:\/\/pierreportugal.shop\/wp-content\/uploads\/2023\/01\/P1040500.jpg?id=7688) !important;background-position:\" \/>\n<meta property=\"og:url\" content=\"https:\/\/pierreportugal.shop\/pt-pt\/portfolio\/alvenaria-de-pedra\/\" \/>\n<meta property=\"og:site_name\" content=\"Pierre Portugal Stone From Portugal\" \/>\n<meta property=\"article:modified_time\" content=\"2023-06-01T17:01:58+00:00\" \/>\n<meta name=\"twitter:card\" content=\"summary_large_image\" \/>\n<meta name=\"twitter:site\" content=\"@pierre_dalle\" \/>\n<meta name=\"twitter:label1\" content=\"Tempo estimado de leitura\" \/>\n\t<meta name=\"twitter:data1\" content=\"2 minutos\" \/>\n<script type=\"application\/ld+json\" class=\"yoast-schema-graph\">{\"@context\":\"https:\/\/schema.org\",\"@graph\":[{\"@type\":\"WebPage\",\"@id\":\"https:\/\/pierreportugal.shop\/pt-pt\/portfolio\/alvenaria-de-pedra\/\",\"url\":\"https:\/\/pierreportugal.shop\/pt-pt\/portfolio\/alvenaria-de-pedra\/\",\"name\":\"Pe\u00e7as Especiais - Pierre Portugal Stone From Portugal\",\"isPartOf\":{\"@id\":\"https:\/\/pierreportugal.shop\/pt-pt\/#website\"},\"datePublished\":\"2023-01-06T11:59:57+00:00\",\"dateModified\":\"2023-06-01T17:01:58+00:00\",\"breadcrumb\":{\"@id\":\"https:\/\/pierreportugal.shop\/pt-pt\/portfolio\/alvenaria-de-pedra\/#breadcrumb\"},\"inLanguage\":\"pt-PT\",\"potentialAction\":[{\"@type\":\"ReadAction\",\"target\":[\"https:\/\/pierreportugal.shop\/pt-pt\/portfolio\/alvenaria-de-pedra\/\"]}]},{\"@type\":\"BreadcrumbList\",\"@id\":\"https:\/\/pierreportugal.shop\/pt-pt\/portfolio\/alvenaria-de-pedra\/#breadcrumb\",\"itemListElement\":[{\"@type\":\"ListItem\",\"position\":1,\"name\":\"In\u00edcio\",\"item\":\"https:\/\/pierreportugal.shop\/pt-pt\/\"},{\"@type\":\"ListItem\",\"position\":2,\"name\":\"Portfolio\",\"item\":\"https:\/\/pierreportugal.shop\/pt-pt\/natural-stone-marble-limestone-tiles-slabs-limestone-architectural-facade-pavers-coping-monuments-hardscaps\/\"},{\"@type\":\"ListItem\",\"position\":3,\"name\":\"Pe\u00e7as Especiais\"}]},{\"@type\":\"WebSite\",\"@id\":\"https:\/\/pierreportugal.shop\/pt-pt\/#website\",\"url\":\"https:\/\/pierreportugal.shop\/pt-pt\/\",\"name\":\"Pierre Portugal | Stone Premium\",\"description\":\"Pierre Portugal Stone Premium\",\"publisher\":{\"@id\":\"https:\/\/pierreportugal.shop\/pt-pt\/#organization\"},\"potentialAction\":[{\"@type\":\"SearchAction\",\"target\":{\"@type\":\"EntryPoint\",\"urlTemplate\":\"https:\/\/pierreportugal.shop\/pt-pt\/?s={search_term_string}\"},\"query-input\":\"required name=search_term_string\"}],\"inLanguage\":\"pt-PT\"},{\"@type\":\"Organization\",\"@id\":\"https:\/\/pierreportugal.shop\/pt-pt\/#organization\",\"name\":\"Pierre Portugal\",\"url\":\"https:\/\/pierreportugal.shop\/pt-pt\/\",\"logo\":{\"@type\":\"ImageObject\",\"inLanguage\":\"pt-PT\",\"@id\":\"https:\/\/pierreportugal.shop\/pt-pt\/#\/schema\/logo\/image\/\",\"url\":\"https:\/\/pierreportugal.shop\/wp-content\/uploads\/2022\/10\/novo-logo.png\",\"contentUrl\":\"https:\/\/pierreportugal.shop\/wp-content\/uploads\/2022\/10\/novo-logo.png\",\"width\":321,\"height\":113,\"caption\":\"Pierre Portugal\"},\"image\":{\"@id\":\"https:\/\/pierreportugal.shop\/pt-pt\/#\/schema\/logo\/image\/\"},\"sameAs\":[\"https:\/\/www.linkedin.com\/in\/pierreportugal-shop-dalles-et-tranches-tiles-and-slabs-export-a74373150\/\",\"https:\/\/twitter.com\/pierre_dalle\"]}]}<\/script>\n<!-- \/ Yoast SEO plugin. -->","yoast_head_json":{"title":"Pe\u00e7as Especiais - Pierre Portugal Stone From Portugal","robots":{"index":"index","follow":"follow","max-snippet":"max-snippet:-1","max-image-preview":"max-image-preview:large","max-video-preview":"max-video-preview:-1"},"canonical":"https:\/\/pierreportugal.shop\/pt-pt\/portfolio\/alvenaria-de-pedra\/","og_locale":"pt_PT","og_type":"article","og_title":"Pe\u00e7as Especiais - Pierre Portugal Stone From Portugal","og_description":"[vc_row full_width=&#8221;stretch_row_content_no_spaces&#8221; woodmart_css_id=&#8221;63cebde5d09e7&#8243; responsive_spacing=&#8221;eyJwYXJhbV90eXBlIjoid29vZG1hcnRfcmVzcG9uc2l2ZV9zcGFjaW5nIiwic2VsZWN0b3JfaWQiOiI2M2NlYmRlNWQwOWU3Iiwic2hvcnRjb2RlIjoidmNfcm93IiwiZGF0YSI6eyJ0YWJsZXQiOnt9LCJtb2JpbGUiOnt9fX0=&#8221; mobile_bg_img_hidden=&#8221;no&#8221; tablet_bg_img_hidden=&#8221;no&#8221; woodmart_parallax=&#8221;0&#8243; woodmart_gradient_switch=&#8221;no&#8221; woodmart_box_shadow=&#8221;no&#8221; wd_z_index=&#8221;no&#8221; woodmart_disable_overflow=&#8221;0&#8243; row_reverse_mobile=&#8221;0&#8243; row_reverse_tablet=&#8221;0&#8243; css=&#8221;.vc_custom_1674493429744{padding-top: 200px !important;padding-bottom: 200px !important;background-image: url(https:\/\/pierreportugal.shop\/wp-content\/uploads\/2023\/01\/P1040500.jpg?id=7688) !important;background-position:","og_url":"https:\/\/pierreportugal.shop\/pt-pt\/portfolio\/alvenaria-de-pedra\/","og_site_name":"Pierre Portugal Stone From Portugal","article_modified_time":"2023-06-01T17:01:58+00:00","twitter_card":"summary_large_image","twitter_site":"@pierre_dalle","twitter_misc":{"Tempo estimado de leitura":"2 minutos"},"schema":{"@context":"https:\/\/schema.org","@graph":[{"@type":"WebPage","@id":"https:\/\/pierreportugal.shop\/pt-pt\/portfolio\/alvenaria-de-pedra\/","url":"https:\/\/pierreportugal.shop\/pt-pt\/portfolio\/alvenaria-de-pedra\/","name":"Pe\u00e7as Especiais - Pierre Portugal Stone From Portugal","isPartOf":{"@id":"https:\/\/pierreportugal.shop\/pt-pt\/#website"},"datePublished":"2023-01-06T11:59:57+00:00","dateModified":"2023-06-01T17:01:58+00:00","breadcrumb":{"@id":"https:\/\/pierreportugal.shop\/pt-pt\/portfolio\/alvenaria-de-pedra\/#breadcrumb"},"inLanguage":"pt-PT","potentialAction":[{"@type":"ReadAction","target":["https:\/\/pierreportugal.shop\/pt-pt\/portfolio\/alvenaria-de-pedra\/"]}]},{"@type":"BreadcrumbList","@id":"https:\/\/pierreportugal.shop\/pt-pt\/portfolio\/alvenaria-de-pedra\/#breadcrumb","itemListElement":[{"@type":"ListItem","position":1,"name":"In\u00edcio","item":"https:\/\/pierreportugal.shop\/pt-pt\/"},{"@type":"ListItem","position":2,"name":"Portfolio","item":"https:\/\/pierreportugal.shop\/pt-pt\/natural-stone-marble-limestone-tiles-slabs-limestone-architectural-facade-pavers-coping-monuments-hardscaps\/"},{"@type":"ListItem","position":3,"name":"Pe\u00e7as Especiais"}]},{"@type":"WebSite","@id":"https:\/\/pierreportugal.shop\/pt-pt\/#website","url":"https:\/\/pierreportugal.shop\/pt-pt\/","name":"Pierre Portugal | Stone Premium","description":"Pierre Portugal Stone Premium","publisher":{"@id":"https:\/\/pierreportugal.shop\/pt-pt\/#organization"},"potentialAction":[{"@type":"SearchAction","target":{"@type":"EntryPoint","urlTemplate":"https:\/\/pierreportugal.shop\/pt-pt\/?s={search_term_string}"},"query-input":"required name=search_term_string"}],"inLanguage":"pt-PT"},{"@type":"Organization","@id":"https:\/\/pierreportugal.shop\/pt-pt\/#organization","name":"Pierre Portugal","url":"https:\/\/pierreportugal.shop\/pt-pt\/","logo":{"@type":"ImageObject","inLanguage":"pt-PT","@id":"https:\/\/pierreportugal.shop\/pt-pt\/#\/schema\/logo\/image\/","url":"https:\/\/pierreportugal.shop\/wp-content\/uploads\/2022\/10\/novo-logo.png","contentUrl":"https:\/\/pierreportugal.shop\/wp-content\/uploads\/2022\/10\/novo-logo.png","width":321,"height":113,"caption":"Pierre Portugal"},"image":{"@id":"https:\/\/pierreportugal.shop\/pt-pt\/#\/schema\/logo\/image\/"},"sameAs":["https:\/\/www.linkedin.com\/in\/pierreportugal-shop-dalles-et-tranches-tiles-and-slabs-export-a74373150\/","https:\/\/twitter.com\/pierre_dalle"]}]}},"_links":{"self":[{"href":"https:\/\/pierreportugal.shop\/pt-pt\/wp-json\/wp\/v2\/portfolio\/8930","targetHints":{"allow":["GET"]}}],"collection":[{"href":"https:\/\/pierreportugal.shop\/pt-pt\/wp-json\/wp\/v2\/portfolio"}],"about":[{"href":"https:\/\/pierreportugal.shop\/pt-pt\/wp-json\/wp\/v2\/types\/portfolio"}],"replies":[{"embeddable":true,"href":"https:\/\/pierreportugal.shop\/pt-pt\/wp-json\/wp\/v2\/comments?post=8930"}],"wp:attachment":[{"href":"https:\/\/pierreportugal.shop\/pt-pt\/wp-json\/wp\/v2\/media?parent=8930"}],"wp:term":[{"taxonomy":"project-cat","embeddable":true,"href":"https:\/\/pierreportugal.shop\/pt-pt\/wp-json\/wp\/v2\/project-cat?post=8930"}],"curies":[{"name":"wp","href":"https:\/\/api.w.org\/{rel}","templated":true}]}}